{"id":5393,"date":"2021-08-17T12:30:54","date_gmt":"2021-08-17T12:30:54","guid":{"rendered":"https:\/\/erste-foundation.byinfinum.co\/?page_id=5393"},"modified":"2023-01-11T14:02:54","modified_gmt":"2023-01-11T14:02:54","slug":"impressum","status":"publish","type":"page","link":"https:\/\/tippingpoint.net\/de\/impressum\/","title":{"rendered":"Impressum"},"content":{"rendered":"<div\n\tclass=\"wrapper  wrapper__bg-color--transparent wrapper__spacing-top-large--40 wrapper__spacing-bottom-large--10\" \n\t>\n\n\t\n\t\t\t<div class=\"wrapper__container wrapper__container-width-large--default wrapper__gutter-large--default\">\n\t\t\t<div class=\"wrapper__inner wrapper__width-large--9\">\n\t\t\t\t<h2 class=\"heading heading__color--primary heading__size--bigger heading__align--left heading__font--primary block-heading__heading heading--underlined\">\n\tImpressum<\/h2>\t\t\t<\/div>\n\t\t<\/div>\n\t<\/div>\n\n\n<div\n\tclass=\"wrapper  wrapper__bg-color--transparent  wrapper__spacing-bottom-large--10\" \n\t>\n\n\t\n\t\t\t<div class=\"wrapper__container wrapper__container-width-large--default wrapper__gutter-large--default\">\n\t\t\t<div class=\"wrapper__inner wrapper__width-large--9\">\n\t\t\t\t<p class=\"paragraph paragraph__color--secondary paragraph__size--medium paragraph__align--left paragraph__font--primary paragraph__font-weight--normal block-paragraph__paragraph\">\n\t<span><b><i>Informationspflicht laut \u00a75 E-Commerce Gesetz, \u00a714 Unternehmensgesetzbuch, \u00a763 Gewerbeordnung und Offenlegungspflicht laut \u00a725 Mediengesetz<\/i><\/b><\/span><\/p>\t\t\t<\/div>\n\t\t<\/div>\n\t<\/div>\n\n\n<div\n\tclass=\"wrapper  wrapper__bg-color--transparent  wrapper__spacing-bottom-large--10\" \n\t>\n\n\t\n\t\t\t<div class=\"wrapper__container wrapper__container-width-large--default wrapper__gutter-large--default\">\n\t\t\t<div class=\"wrapper__inner wrapper__width-large--12\">\n\t\t\t\t<p class=\"paragraph paragraph__color--secondary paragraph__size--medium paragraph__align--left paragraph__font--primary paragraph__font-weight--normal block-paragraph__paragraph\">\n\t<strong>ERSTE Stiftung<br><\/strong>DIE ERSTE \u00f6sterreichische Spar-Casse Privatstiftung<br>Am Belvedere 1<br>1100 Wien<br>\u00d6sterreich<br><br>Telefon: +43 50 100 15100<br>E-Mail: <a href=\"mailto:office@erstestiftung.org\">office@erstestiftung.org<\/a><br><br>UID-Nummer: ATU66961488<br>Firmenbuchnummer: FN 72984 f<br>Firmenbuchgericht: Wien<br>Firmensitz: Wien<\/p>\t\t\t<\/div>\n\t\t<\/div>\n\t<\/div>\n\n\n<div\n\tclass=\"wrapper  wrapper__bg-color--transparent  wrapper__spacing-bottom-large--10\" \n\t>\n\n\t\n\t\t\t<div class=\"wrapper__container wrapper__container-width-large--default wrapper__gutter-large--default\">\n\t\t\t<div class=\"wrapper__inner wrapper__width-large--12\">\n\t\t\t\t<p class=\"paragraph paragraph__color--secondary paragraph__size--medium paragraph__align--left paragraph__font--primary paragraph__font-weight--normal block-paragraph__paragraph\">\n\t<strong>Vorstand<\/strong><br>Mag. Boris Marte (CEO), Wolfgang Schopf (Stellvertretender CEO), Dr. Eva H\u00f6ltl, Mag. Martin Wohlmuth<\/p>\t\t\t<\/div>\n\t\t<\/div>\n\t<\/div>\n\n\n<div\n\tclass=\"wrapper  wrapper__bg-color--transparent  wrapper__spacing-bottom-large--10\" \n\t>\n\n\t\n\t\t\t<div class=\"wrapper__container wrapper__container-width-large--default wrapper__gutter-large--default\">\n\t\t\t<div class=\"wrapper__inner wrapper__width-large--9\">\n\t\t\t\t<p class=\"paragraph paragraph__color--secondary paragraph__size--medium paragraph__align--left paragraph__font--primary paragraph__font-weight--normal block-paragraph__paragraph\">\n\t<strong>Aufsichtsrat<\/strong><br>Mag. Bettina Breiteneder, DI Maximilian Hardegg, Barbara Pichler, Dr. Johanna Rachinger, Mag. Philipp Thurn und Taxis, Dr. Markus Trauttmansdorff, Mag. Andreas Treichl (Vorsitzender), Dr. Manfred Wimmer (stellvertretender Vorsitzender), Kurt Zangerle<\/p>\t\t\t<\/div>\n\t\t<\/div>\n\t<\/div>\n\n\n<div\n\tclass=\"wrapper  wrapper__bg-color--transparent  wrapper__spacing-bottom-large--10\" \n\t>\n\n\t\n\t\t\t<div class=\"wrapper__container wrapper__container-width-large--default wrapper__gutter-large--default\">\n\t\t\t<div class=\"wrapper__inner wrapper__width-large--9\">\n\t\t\t\t<p class=\"paragraph paragraph__color--secondary paragraph__size--medium paragraph__align--left paragraph__font--primary paragraph__font-weight--normal block-paragraph__paragraph\">\n\t<strong>Eingetragener Gegenstand<br><\/strong>Zweck der Sparkassen-Privatstiftung ist die F\u00f6rderung der Beg\u00fcnstigten. Der Stiftungszweck wird durch die Verwendung der Ertr\u00e4ge des der Stiftung gewidmeten Verm\u00f6gens erreicht. Der Zweck der Stiftung ist auch die Pflege und die F\u00f6rderung des Sparkassengedankens. Die ERSTE Stiftung ist die gr\u00f6\u00dfte Sparkassen-Privatstiftung \u00d6sterreichs. Sie ist im Jahr 2003 aus der Erste \u00d6sterreichische Spar-Casse Anteilsverwaltungssparkasse hervorgegangen, die wiederum der direkte Rechtsnachfolger der Ersten \u00f6sterreichischen Sparkasse von 1819 war. Als Sparkassen-Privatstiftung ist sie zu gemeinn\u00fctzigem Handeln verpflichtet und hat zugleich eine besondere Rolle als Hauptaktion\u00e4rin der Erste Group. Mit den Ertr\u00e4gen ihres Aktienbesitzes investiert sie in die gesellschaftliche Entwicklung in \u00d6sterreich und Zentral- und S\u00fcdosteuropa.<\/p>\t\t\t<\/div>\n\t\t<\/div>\n\t<\/div>\n\n\n<div\n\tclass=\"wrapper  wrapper__bg-color--transparent  wrapper__spacing-bottom-large--10\" \n\t>\n\n\t\n\t\t\t<div class=\"wrapper__container wrapper__container-width-large--default wrapper__gutter-large--default\">\n\t\t\t<div class=\"wrapper__inner wrapper__width-large--12\">\n\t\t\t\t<p class=\"paragraph paragraph__color--secondary paragraph__size--medium paragraph__align--left paragraph__font--primary paragraph__font-weight--normal block-paragraph__paragraph\">\n\t<strong>Medieninhaber und Herausgeber<br><\/strong>ERSTE Foundation \u2013 DIE ERSTE \u00f6sterreichische Spar-Casse Privatstiftung<br><a href=\"mailto:press@erstestiftung.org\">press@erstestiftung.org<\/a><\/p>\t\t\t<\/div>\n\t\t<\/div>\n\t<\/div>\n\n\n<div\n\tclass=\"wrapper  wrapper__bg-color--transparent  wrapper__spacing-bottom-large--10\" \n\t>\n\n\t\n\t\t\t<div class=\"wrapper__container wrapper__container-width-large--default wrapper__gutter-large--default\">\n\t\t\t<div class=\"wrapper__inner wrapper__width-large--12\">\n\t\t\t\t<p class=\"paragraph paragraph__color--secondary paragraph__size--medium paragraph__align--left paragraph__font--primary paragraph__font-weight--normal block-paragraph__paragraph\">\n\t<b>Reda<\/b><span><b>ktion<\/b><\/span><br>Mag. Maribel K\u00f6niger (Chefredaktion), Mag. Miroslava Hole\u010dkov\u00e1, Mag. Gerald Radinger, Mag. Jovana Trifunovi\u0107<\/p>\t\t\t<\/div>\n\t\t<\/div>\n\t<\/div>\n\n\n<div\n\tclass=\"wrapper  wrapper__bg-color--transparent  wrapper__spacing-bottom-large--10\" \n\t>\n\n\t\n\t\t\t<div class=\"wrapper__container wrapper__container-width-large--default wrapper__gutter-large--default\">\n\t\t\t<div class=\"wrapper__inner wrapper__width-large--12\">\n\t\t\t\t<p class=\"paragraph paragraph__color--secondary paragraph__size--medium paragraph__align--left paragraph__font--primary paragraph__font-weight--normal block-paragraph__paragraph\">\n\t<span><b>\u00dcbersetzungentions<\/b><\/span><br>Barbara Maya-Zieger \u2013\u00a0<a href=\"http:\/\/www.wordpool.at\/\" target=\"_blank\" rel=\"noreferrer noopener\">wordpool<\/a><\/p>\t\t\t<\/div>\n\t\t<\/div>\n\t<\/div>\n\n\n<div\n\tclass=\"wrapper  wrapper__bg-color--transparent  wrapper__spacing-bottom-large--10\" \n\t>\n\n\t\n\t\t\t<div class=\"wrapper__container wrapper__container-width-large--default wrapper__gutter-large--default\">\n\t\t\t<div class=\"wrapper__inner wrapper__width-large--12\">\n\t\t\t\t<p class=\"paragraph paragraph__color--secondary paragraph__size--medium paragraph__align--left paragraph__font--primary paragraph__font-weight--normal block-paragraph__paragraph\">\n\t<strong>Visuelles Konzept, Programmierung, technische Betreuung<br><\/strong><a href=\"http:\/\/engarde.net\" target=\"_blank\" rel=\"noreferrer noopener\">EN GARDE Interdisciplinary GmbH<\/a><\/p>\t\t\t<\/div>\n\t\t<\/div>\n\t<\/div>\n\n\n<div\n\tclass=\"wrapper  wrapper__bg-color--transparent  wrapper__spacing-bottom-large--10\" \n\t>\n\n\t\n\t\t\t<div class=\"wrapper__container wrapper__container-width-large--default wrapper__gutter-large--default\">\n\t\t\t<div class=\"wrapper__inner wrapper__width-large--12\">\n\t\t\t\t<p class=\"paragraph paragraph__color--secondary paragraph__size--medium paragraph__align--left paragraph__font--primary paragraph__font-weight--normal block-paragraph__paragraph\">\n\t<span><b>Hosting<\/b><\/span><br>internex GmbH<\/p>\t\t\t<\/div>\n\t\t<\/div>\n\t<\/div>\n\n\n<div\n\tclass=\"wrapper  wrapper__bg-color--transparent  wrapper__spacing-bottom-large--10\" \n\t>\n\n\t\n\t\t\t<div class=\"wrapper__container wrapper__container-width-large--default wrapper__gutter-large--default\">\n\t\t\t<div class=\"wrapper__inner wrapper__width-large--9\">\n\t\t\t\t<p class=\"paragraph paragraph__color--secondary paragraph__size--medium paragraph__align--left paragraph__font--primary paragraph__font-weight--normal block-paragraph__paragraph\">\n\t<strong>Grundlegende Richtung<br><\/strong>F\u00f6rderung und Verst\u00e4ndigung zwischen zivilgesellschaftlichen Initiativen, insbesondere auf den Gebieten sozialer Inklusion und Integration, demokratischer Prozesse, europ\u00e4ischer Zusammenarbeit und zeitgen\u00f6ssischer Gegenwartskultur.<\/p>\t\t\t<\/div>\n\t\t<\/div>\n\t<\/div>\n\n\n<div\n\tclass=\"wrapper  wrapper__bg-color--transparent  wrapper__spacing-bottom-large--10\" \n\t>\n\n\t\n\t\t\t<div class=\"wrapper__container wrapper__container-width-large--default wrapper__gutter-large--default\">\n\t\t\t<div class=\"wrapper__inner wrapper__width-large--9\">\n\t\t\t\t<p class=\"paragraph paragraph__color--secondary paragraph__size--medium paragraph__align--left paragraph__font--primary paragraph__font-weight--normal block-paragraph__paragraph\">\n\t<strong>Angaben zur Online-Streitbeilegung<br><\/strong>VerbraucherInnen haben die M\u00f6glichkeit, Beschwerden an die <a rel=\"noreferrer noopener\" href=\"https:\/\/ec.europa.eu\/consumers\/odr\/main\/index.cfm?event=main.home.chooseLanguage\" target=\"_blank\">Online-Streitbeilegungsplattform der EU<\/a> zu richten. Sie k\u00f6nnen allf\u00e4llige Beschwerde auch an die oben angegebene E-Mail-Adresse richten.<\/p>\t\t\t<\/div>\n\t\t<\/div>\n\t<\/div>\n\n\n<div\n\tclass=\"wrapper  wrapper__bg-color--transparent  wrapper__spacing-bottom-large--10\" \n\t>\n\n\t\n\t\t\t<div class=\"wrapper__container wrapper__container-width-large--default wrapper__gutter-large--default\">\n\t\t\t<div class=\"wrapper__inner wrapper__width-large--9\">\n\t\t\t\t<p class=\"paragraph paragraph__color--secondary paragraph__size--medium paragraph__align--left paragraph__font--primary paragraph__font-weight--normal block-paragraph__paragraph\">\n\t<strong>Haftungsausschluss<br><\/strong>Dieser Haftungsausschluss ist als Teil des Internetangebotes zu betrachten, von dem aus auf diese Webseite verwiesen wurde. Sofern Teile oder einzelne Formulierungen dieses Textes der geltenden Rechtslage nicht, nicht mehr oder nicht vollst\u00e4ndig entsprechen sollten, bleiben die \u00fcbrigen Teile des Dokumentes in ihrem Inhalt und ihrer G\u00fcltigkeit davon unber\u00fchrt.<\/p>\t\t\t<\/div>\n\t\t<\/div>\n\t<\/div>\n\n\n<div\n\tclass=\"wrapper  wrapper__bg-color--transparent  wrapper__spacing-bottom-large--10\" \n\t>\n\n\t\n\t\t\t<div class=\"wrapper__container wrapper__container-width-large--default wrapper__gutter-large--default\">\n\t\t\t<div class=\"wrapper__inner wrapper__width-large--9\">\n\t\t\t\t<p class=\"paragraph paragraph__color--secondary paragraph__size--medium paragraph__align--left paragraph__font--primary paragraph__font-weight--normal block-paragraph__paragraph\">\n\t<strong>Haftung f\u00fcr Inhalte dieser Webseite<br><\/strong>Die Inhalte unserer Seiten wurden mit gr\u00f6\u00dfter Sorgfalt erstellt. F\u00fcr die Richtigkeit, Vollst\u00e4ndigkeit und Aktualit\u00e4t der Inhalte k\u00f6nnen wir jedoch keine Gew\u00e4hr \u00fcbernehmen. Als Diensteanbieter sind wir f\u00fcr eigene Inhalte auf diesen Seiten nach den allgemeinen Gesetzen verantwortlich. Wir sind jedoch nicht verpflichtet, \u00fcbermittelte oder gespeicherte fremde Informationen zu \u00fcberwachen oder nach Umst\u00e4nden zu forschen, die auf eine rechtswidrige T\u00e4tigkeit hinweisen. Verpflichtungen zur Entfernung oder Sperrung der Nutzung von Informationen nach den allgemeinen Gesetzen bleiben hiervon unber\u00fchrt. Eine diesbez\u00fcgliche Haftung ist jedoch erst ab dem Zeitpunkt der Kenntnis einer konkreten Rechtsverletzung m\u00f6glich. Bei Bekanntwerden von entsprechenden Rechtsverletzungen werden wir diese Inhalte umgehend entfernen.<\/p>\t\t\t<\/div>\n\t\t<\/div>\n\t<\/div>\n\n\n<div\n\tclass=\"wrapper  wrapper__bg-color--transparent  wrapper__spacing-bottom-large--90\" \n\t>\n\n\t\n\t\t\t<div class=\"wrapper__container wrapper__container-width-large--default wrapper__gutter-large--default\">\n\t\t\t<div class=\"wrapper__inner wrapper__width-large--9\">\n\t\t\t\t<p class=\"paragraph paragraph__color--secondary paragraph__size--medium paragraph__align--left paragraph__font--primary paragraph__font-weight--normal block-paragraph__paragraph\">\n\t<strong>Haftung f\u00fcr Links auf Webseiten Dritter<br><\/strong>Unser Angebot enth\u00e4lt Links zu externen Webseiten. Auf den Inhalt dieser externen Webseiten haben wir keinerlei Einfluss. Deshalb k\u00f6nnen wir f\u00fcr diese fremden Inhalte auch keine Gew\u00e4hr \u00fcbernehmen. F\u00fcr die Inhalte der verlinkten Seiten ist stets der jeweilige Anbieter oder Betreiber der Seiten verantwortlich. Die verlinkten Seiten wurden zum Zeitpunkt der Verlinkung auf m\u00f6gliche Rechtsverst\u00f6\u00dfe \u00fcberpr\u00fcft. Rechtswidrige Inhalte waren zum Zeitpunkt der Verlinkung nicht erkennbar. Eine permanente inhaltliche Kontrolle der verlinkten Seiten ist jedoch ohne konkrete Anhaltspunkte einer Rechtsverletzung nicht zumutbar. Bei Bekanntwerden von Rechtsverletzungen werden wir derartige Links umgehend entfernen.<\/p>\t\t\t<\/div>\n\t\t<\/div>\n\t<\/div>\n","protected":false},"excerpt":{"rendered":"","protected":false},"author":3,"featured_media":0,"parent":0,"menu_order":0,"comment_status":"closed","ping_status":"closed","template":"","meta":{"footnotes":""},"acf":[],"_links":{"self":[{"href":"https:\/\/tippingpoint.net\/de\/wp-json\/wp\/v2\/pages\/5393"}],"collection":[{"href":"https:\/\/tippingpoint.net\/de\/wp-json\/wp\/v2\/pages"}],"about":[{"href":"https:\/\/tippingpoint.net\/de\/wp-json\/wp\/v2\/types\/page"}],"author":[{"embeddable":true,"href":"https:\/\/tippingpoint.net\/de\/wp-json\/wp\/v2\/users\/3"}],"replies":[{"embeddable":true,"href":"https:\/\/tippingpoint.net\/de\/wp-json\/wp\/v2\/comments?post=5393"}],"version-history":[{"count":8,"href":"https:\/\/tippingpoint.net\/de\/wp-json\/wp\/v2\/pages\/5393\/revisions"}],"predecessor-version":[{"id":8982,"href":"https:\/\/tippingpoint.net\/de\/wp-json\/wp\/v2\/pages\/5393\/revisions\/8982"}],"wp:attachment":[{"href":"https:\/\/tippingpoint.net\/de\/wp-json\/wp\/v2\/media?parent=5393"}],"curies":[{"name":"wp","href":"https:\/\/api.w.org\/{rel}","templated":true}]}}